{"id":9097,"date":"2022-06-27T11:08:48","date_gmt":"2022-06-27T02:08:48","guid":{"rendered":"https:\/\/xavier.vizensoft.com\/wp\/francais\/?page_id=9097"},"modified":"2026-03-17T08:50:04","modified_gmt":"2026-03-16T23:50:04","slug":"communaute-sfx","status":"publish","type":"page","link":"https:\/\/xavier.sc.kr\/wp\/francais\/?page_id=9097","title":{"rendered":"Communaut\u00e9 SFX"},"content":{"rendered":"\t\t<div data-elementor-type=\"wp-page\" data-elementor-id=\"9097\" class=\"elementor elementor-9097\" data-elementor-settings=\"[]\">\n\t\t\t\t\t\t\t<div class=\"elementor-section-wrap\">\n\t\t\t\t\t\t\t<div class=\"elementor-section elementor-top-section elementor-element elementor-element-d70b319 elementor-section-full_width elementor-section-stretched sub_visual elementor-section-height-default elementor-section-height-default\" data-id=\"d70b319\" data-element_type=\"section\" data-settings=\"{&quot;stretch_section&quot;:&quot;section-stretched&quot;,&quot;background_background&quot;:&quot;classic&quot;}\">\n\t\t\t\t\t\t<div class=\"elementor-container elementor-column-gap-default\">\n\t\t\t\t\t<div class=\"elementor-column elementor-col-100 elementor-top-column elementor-element elementor-element-cdafe92\" data-id=\"cdafe92\" data-element_type=\"column\">\n\t\t\t<div class=\"elementor-widget-wrap elementor-element-populated\">\n\t\t\t\t\t\t\t\t<div class=\"elementor-element elementor-element-71b6fed elementor-widget elementor-widget-heading\" data-id=\"71b6fed\" data-element_type=\"widget\" data-widget_type=\"heading.default\">\n\t\t\t\t<div class=\"elementor-widget-container\">\n\t\t\t<style>\/*! elementor - v3.5.5 - 03-02-2022 *\/\n.elementor-heading-title{padding:0;margin:0;line-height:1}.elementor-widget-heading .elementor-heading-title[class*=elementor-size-]>a{color:inherit;font-size:inherit;line-height:inherit}.elementor-widget-heading .elementor-heading-title.elementor-size-small{font-size:15px}.elementor-widget-heading .elementor-heading-title.elementor-size-medium{font-size:19px}.elementor-widget-heading .elementor-heading-title.elementor-size-large{font-size:29px}.elementor-widget-heading .elementor-heading-title.elementor-size-xl{font-size:39px}.elementor-widget-heading .elementor-heading-title.elementor-size-xxl{font-size:59px}<\/style><h2 class=\"elementor-heading-title elementor-size-default\">COMMUNAUT\u00c9<\/h2>\t\t<\/div>\n\t\t\t\t<\/div>\n\t\t\t\t<div class=\"elementor-element elementor-element-7222279 elementor-widget elementor-widget-html\" data-id=\"7222279\" data-element_type=\"widget\" data-widget_type=\"html.default\">\n\t\t\t\t<div class=\"elementor-widget-container\">\n\t\t\t<div class=\"sub_path\">\n    <a class=\"home\" href=\"\/wp\/francais\/\">\n        <img src=\"\/image\/sub_visual_home_btn.png\"\/>\n    <\/a>\n    <div class=\"depth01\">\n        <p>COMMUNAUT\u00c9<\/p>\n    <\/div>\n    <div class=\"depth02\">\n        <p>Communaut\u00e9 SFX<\/p>\n    <\/div>\n<\/div>\t\t<\/div>\n\t\t\t\t<\/div>\n\t\t\t\t\t<\/div>\n\t\t<\/div>\n\t\t\t\t\t\t\t<\/div>\n\t\t<\/div>\n\t\t\t\t<div class=\"elementor-section elementor-top-section elementor-element elementor-element-ffaf952 society_con01 elementor-section-boxed elementor-section-height-default elementor-section-height-default\" data-id=\"ffaf952\" data-element_type=\"section\">\n\t\t\t\t\t\t<div class=\"elementor-container elementor-column-gap-default\">\n\t\t\t\t\t<div class=\"elementor-column elementor-col-100 elementor-top-column elementor-element elementor-element-3fe4c1b\" data-id=\"3fe4c1b\" data-element_type=\"column\">\n\t\t\t<div class=\"elementor-widget-wrap elementor-element-populated\">\n\t\t\t\t\t\t\t\t<div class=\"elementor-element elementor-element-d3c6602 elementor-widget elementor-widget-html\" data-id=\"d3c6602\" data-element_type=\"widget\" data-widget_type=\"html.default\">\n\t\t\t\t<div class=\"elementor-widget-container\">\n\t\t\t<style>\r\n\r\n@media (max-width:768px){\r\n\r\n.box.type01{\r\n\tdisplay:flex;\r\n\tflex-direction:column;\r\n}\r\n\r\n.box.type01 .img_box{\r\n\tmargin-bottom:25px;\r\n}\r\n\r\n.box.type01.bg{\r\n\tdisplay:flex;\r\n\tflex-direction:column;\r\n}\r\n\r\n.box.type01.bg .img_box{\r\n\torder:1;\r\n\tmargin-bottom:25px;\r\n}\r\n\r\n.box.type01.bg .txt_box{\r\n\torder:2;\r\n}\r\n\r\n}\r\n\r\n<\/style>\r\n\r\n\r\n<div class=\"sub_tit\">\r\n\t<h3>\r\n\t\t<span>Communaut\u00e9 SFX<\/span>\r\n\t\t<i class=\"icon01\"><img src=\"\/image\/society_con01_icon01.png\" alt=\"\">\r\n\t\t<\/i>\r\n\t\t<i class=\"icon02\"><img src=\"\/image\/society_con01_icon02.png\" alt=\"\">\r\n\t\t<\/i>\r\n\t<\/h3>\r\n<\/div>\r\n\r\n\r\n<div class=\"box type01\">\r\n\r\n\t<div class=\"img_box\">\r\n\t\t<img src=\"https:\/\/xavier.sc.kr\/wp\/wp-content\/uploads\/2025\/09\/Photo_communaute_130-scaled.jpg\" alt=\"\">\r\n\t<\/div>\r\n\r\n\t<div class=\"txt_box\">\r\n\t\t<div class=\"desc\">\r\n\t\t\t<p>\r\n\t\t\t\tMadeleine Dani\u00e9lou a fond\u00e9 \u00e0 Paris en 1913 \u00ab Saint-Fran\u00e7ois-Xavier \u00bb, une communaut\u00e9 apostolique fraternelle dans l'\u00c9glise catholique, qui prie, vit et anime ensemble des centres \u00e9ducatifs. Ses membres s'engagent pour la vie.\r\n\t\t\t<\/p>\r\n\t\t\t<p>\r\n\t\t\t\tDans des missions vari\u00e9es, en collaboration avec beaucoup d\u2019autres, nous sommes au service de la croissance humaine et spirituelle des personnes.\r\n\t\t\t<\/p>\r\n\t\t<\/div>\r\n\t<\/div>\r\n\r\n<\/div>\r\n\r\n\r\n<div class=\"box type01 bg\">\r\n\r\n\t<div class=\"txt_box\">\r\n\t\t<div class=\"desc\">\r\n\t\t\t<p>\r\n\t\t\t\tLa Communaut\u00e9 s\u2019est implant\u00e9e en Afrique en 1962, puis en Cor\u00e9e depuis 1980, \u00e0 la suite de Saint Fran\u00e7ois Xavier, ap\u00f4tre de l\u2019Asie. Elle se met \u00e0 l\u2019\u00e9coute et \u00e0 l\u2019\u00e9cole du Saint Esprit pour vivre, dans la confiance, l\u2019humilit\u00e9 et l\u2019amour, la recherche de chemins qui ouvrent les cultures \u00e0 la lumi\u00e8re du Christ.\r\n\t\t\t<\/p>\r\n\t\t\t<p>\r\n\t\t\t\tNotre service apostolique dans l\u2019enseignement, l\u2019\u00e9ducation et l\u2019\u00e9vang\u00e9lisation s\u2019exerce principalement au Lyc\u00e9e International Xavier, mais aussi \u00e0 l\u2019universit\u00e9 et en musicoth\u00e9rapie.\r\n\t\t\t<\/p>\r\n\t\t<\/div>\r\n\t<\/div>\r\n\r\n\t<div class=\"img_box\">\r\n\t\t<img src=\"\/image\/society_con01_img02.jpg\" alt=\"\">\r\n\t<\/div>\r\n\r\n<\/div>\t\t<\/div>\n\t\t\t\t<\/div>\n\t\t\t\t\t<\/div>\n\t\t<\/div>\n\t\t\t\t\t\t\t<\/div>\n\t\t<\/div>\n\t\t\t\t<div class=\"elementor-section elementor-top-section elementor-element elementor-element-6fbd564 society_con02 elementor-section-boxed elementor-section-height-default elementor-section-height-default\" data-id=\"6fbd564\" data-element_type=\"section\">\n\t\t\t\t\t\t<div class=\"elementor-container elementor-column-gap-default\">\n\t\t\t\t\t<div class=\"elementor-column elementor-col-100 elementor-top-column elementor-element elementor-element-133db5c\" data-id=\"133db5c\" data-element_type=\"column\">\n\t\t\t<div class=\"elementor-widget-wrap elementor-element-populated\">\n\t\t\t\t\t\t\t\t<div class=\"elementor-element elementor-element-9be0d1c elementor-widget elementor-widget-html\" data-id=\"9be0d1c\" data-element_type=\"widget\" data-widget_type=\"html.default\">\n\t\t\t\t<div class=\"elementor-widget-container\">\n\t\t\t<div class=\"tit\">\r\n\t<h3>D\u00e9couvrez aussi le <b>site de la communaut\u00e9<\/b><\/h3>\r\n<\/div>\r\n<ul>\r\n\t<li>\r\n\t\t<a href=\"http:\/\/www.xavier.or.kr\/\" target=\"_blank\">\r\n\t\t\t<div class=\"img_box\">\r\n\t\t\t\t<img src=\"\/image\/society_con02_img01.jpg\" alt=\"\">\r\n\t\t\t<\/div>\r\n\t\t<\/a>\r\n\t<\/li>\r\n\t<li>\r\n\t\t<a href=\"\/\/communaute-sfx.catholique.fr\/\" target=\"_blank\">\r\n\t\t\t<div class=\"img_box\">\r\n\t\t\t\t<img src=\"\/image\/society_con02_img02.jpg\" alt=\"\">\r\n\t\t\t<\/div>\r\n\t\t<\/a>\r\n\t<\/li>\r\n<\/ul>\t\t<\/div>\n\t\t\t\t<\/div>\n\t\t\t\t\t<\/div>\n\t\t<\/div>\n\t\t\t\t\t\t\t<\/div>\n\t\t<\/div>\n\t\t\t\t\t\t<\/div>\n\t\t\t\t\t<\/div>\n\t\t","protected":false},"excerpt":{"rendered":"<p>COMMUNAUT\u00c9 COMMUNAUT\u00c9 Communaut\u00e9 SFX Communaut\u00e9 SFX Madeleine Dani\u00e9lou a fond\u00e9 \u00e0 Paris en 1913 \u00ab Saint-Fran\u00e7ois-Xavier \u00bb, une communaut\u00e9 apostolique fraternelle dans l&rsquo;\u00c9glise catholique, qui prie, vit et anime ensemble des centres \u00e9ducatifs. Ses membres s&rsquo;engagent pour la vie. Dans des missions vari\u00e9es, en collaboration avec beaucoup d\u2019autres, nous sommes au service de la croissance humaine et spirituelle des personnes. La Communaut\u00e9 s\u2019est implant\u00e9e en Afrique en 1962, puis en Cor\u00e9e depuis 1980, \u00e0 la suite de Saint Fran\u00e7ois Xavier, ap\u00f4tre de l\u2019Asie. Elle se met \u00e0 l\u2019\u00e9coute et \u00e0 l\u2019\u00e9cole du Saint Esprit pour vivre, dans la confiance, l\u2019humilit\u00e9 et l\u2019amour, la recherche de chemins qui ouvrent les cultures \u00e0 la lumi\u00e8re du Christ. Notre service apostolique dans l\u2019enseignement, l\u2019\u00e9ducation et l\u2019\u00e9vang\u00e9lisation s\u2019exerce principalement au Lyc\u00e9e International Xavier, mais aussi \u00e0 l\u2019universit\u00e9 et en musicoth\u00e9rapie. D\u00e9couvrez aussi le site de la communaut\u00e9<\/p>\n","protected":false},"author":1,"featured_media":0,"parent":0,"menu_order":0,"comment_status":"closed","ping_status":"closed","template":"","meta":[],"_links":{"self":[{"href":"https:\/\/xavier.sc.kr\/wp\/francais\/index.php?rest_route=\/wp\/v2\/pages\/9097"}],"collection":[{"href":"https:\/\/xavier.sc.kr\/wp\/francais\/index.php?rest_route=\/wp\/v2\/pages"}],"about":[{"href":"https:\/\/xavier.sc.kr\/wp\/francais\/index.php?rest_route=\/wp\/v2\/types\/page"}],"author":[{"embeddable":true,"href":"https:\/\/xavier.sc.kr\/wp\/francais\/index.php?rest_route=\/wp\/v2\/users\/1"}],"replies":[{"embeddable":true,"href":"https:\/\/xavier.sc.kr\/wp\/francais\/index.php?rest_route=%2Fwp%2Fv2%2Fcomments&post=9097"}],"version-history":[{"count":34,"href":"https:\/\/xavier.sc.kr\/wp\/francais\/index.php?rest_route=\/wp\/v2\/pages\/9097\/revisions"}],"predecessor-version":[{"id":10558,"href":"https:\/\/xavier.sc.kr\/wp\/francais\/index.php?rest_route=\/wp\/v2\/pages\/9097\/revisions\/10558"}],"wp:attachment":[{"href":"https:\/\/xavier.sc.kr\/wp\/francais\/index.php?rest_route=%2Fwp%2Fv2%2Fmedia&parent=9097"}],"curies":[{"name":"wp","href":"https:\/\/api.w.org\/{rel}","templated":true}]}}